{"id":1265,"date":"2019-10-07T11:30:14","date_gmt":"2019-10-07T14:30:14","guid":{"rendered":"http:\/\/www1.sp.senac.br\/sites\/posgraduacao\/?post_type=project&#038;p=1265"},"modified":"2020-11-10T19:16:21","modified_gmt":"2020-11-10T21:16:21","slug":"gestao-ambiental","status":"publish","type":"project","link":"https:\/\/www1.sp.senac.br\/sites\/posgraduacao\/project\/gestao-ambiental\/","title":{"rendered":"Gest\u00e3o Ambiental"},"content":{"rendered":"","protected":false},"excerpt":{"rendered":"","protected":false},"author":1,"featured_media":0,"comment_status":"closed","ping_status":"closed","template":"","meta":{"_et_pb_use_builder":"","_et_pb_old_content":"","_et_gb_content_width":""},"project_category":[25],"project_tag":[],"yoast_head":"<!-- This site is optimized with the Yoast SEO plugin v19.13 - https:\/\/yoast.com\/wordpress\/plugins\/seo\/ -->\r\n<title>Gest\u00e3o Ambiental - P\u00f3s-gradua\u00e7\u00e3o<\/title>\r\n<meta name=\"robots\" content=\"noindex, follow\" \/>\r\n<meta property=\"og:locale\" content=\"pt_BR\" \/>\r\n<meta property=\"og:type\" content=\"article\" \/>\r\n<meta property=\"og:title\" content=\"Gest\u00e3o Ambiental - P\u00f3s-gradua\u00e7\u00e3o\" \/>\r\n<meta property=\"og:url\" content=\"https:\/\/www1.sp.senac.br\/sites\/posgraduacao\/project\/gestao-ambiental\/\" \/>\r\n<meta property=\"og:site_name\" content=\"P\u00f3s-gradua\u00e7\u00e3o\" \/>\r\n<meta property=\"article:modified_time\" content=\"2020-11-10T21:16:21+00:00\" \/>\r\n<meta property=\"og:image\" content=\"https:\/\/www1.sp.senac.br\/sites\/posgraduacao\/wp-content\/uploads\/2020\/11\/capa-hotsite-1-e1605200150710.png\" \/>\r\n\t<meta property=\"og:image:width\" content=\"798\" \/>\r\n\t<meta property=\"og:image:height\" content=\"640\" \/>\r\n\t<meta property=\"og:image:type\" content=\"image\/png\" \/>\r\n<meta name=\"twitter:card\" content=\"summary_large_image\" \/>\r\n<script type=\"application\/ld+json\" class=\"yoast-schema-graph\">{\"@context\":\"https:\/\/schema.org\",\"@graph\":[{\"@type\":\"WebPage\",\"@id\":\"https:\/\/www1.sp.senac.br\/sites\/posgraduacao\/project\/gestao-ambiental\/\",\"url\":\"https:\/\/www1.sp.senac.br\/sites\/posgraduacao\/project\/gestao-ambiental\/\",\"name\":\"Gest\u00e3o Ambiental - P\u00f3s-gradua\u00e7\u00e3o\",\"isPartOf\":{\"@id\":\"https:\/\/www1.sp.senac.br\/sites\/posgraduacao\/#website\"},\"datePublished\":\"2019-10-07T14:30:14+00:00\",\"dateModified\":\"2020-11-10T21:16:21+00:00\",\"breadcrumb\":{\"@id\":\"https:\/\/www1.sp.senac.br\/sites\/posgraduacao\/project\/gestao-ambiental\/#breadcrumb\"},\"inLanguage\":\"pt-BR\",\"potentialAction\":[{\"@type\":\"ReadAction\",\"target\":[\"https:\/\/www1.sp.senac.br\/sites\/posgraduacao\/project\/gestao-ambiental\/\"]}]},{\"@type\":\"BreadcrumbList\",\"@id\":\"https:\/\/www1.sp.senac.br\/sites\/posgraduacao\/project\/gestao-ambiental\/#breadcrumb\",\"itemListElement\":[{\"@type\":\"ListItem\",\"position\":1,\"name\":\"In\u00edcio\",\"item\":\"https:\/\/www1.sp.senac.br\/sites\/posgraduacao\/\"},{\"@type\":\"ListItem\",\"position\":2,\"name\":\"Projetos\",\"item\":\"https:\/\/www1.sp.senac.br\/sites\/posgraduacao\/project\/\"},{\"@type\":\"ListItem\",\"position\":3,\"name\":\"Gest\u00e3o Ambiental\"}]},{\"@type\":\"WebSite\",\"@id\":\"https:\/\/www1.sp.senac.br\/sites\/posgraduacao\/#website\",\"url\":\"https:\/\/www1.sp.senac.br\/sites\/posgraduacao\/\",\"name\":\"P\u00f3s-gradua\u00e7\u00e3o\",\"description\":\"Centro Universit\u00e1rio Senac\",\"publisher\":{\"@id\":\"https:\/\/www1.sp.senac.br\/sites\/posgraduacao\/#organization\"},\"potentialAction\":[{\"@type\":\"SearchAction\",\"target\":{\"@type\":\"EntryPoint\",\"urlTemplate\":\"https:\/\/www1.sp.senac.br\/sites\/posgraduacao\/?s={search_term_string}\"},\"query-input\":\"required name=search_term_string\"}],\"inLanguage\":\"pt-BR\"},{\"@type\":\"Organization\",\"@id\":\"https:\/\/www1.sp.senac.br\/sites\/posgraduacao\/#organization\",\"name\":\"Senac S\u00e3o Paulo\",\"url\":\"https:\/\/www1.sp.senac.br\/sites\/posgraduacao\/\",\"logo\":{\"@type\":\"ImageObject\",\"inLanguage\":\"pt-BR\",\"@id\":\"https:\/\/www1.sp.senac.br\/sites\/posgraduacao\/#\/schema\/logo\/image\/\",\"url\":\"https:\/\/www1.sp.senac.br\/sites\/posgraduacao\/wp-content\/uploads\/2020\/10\/logo-1.png\",\"contentUrl\":\"https:\/\/www1.sp.senac.br\/sites\/posgraduacao\/wp-content\/uploads\/2020\/10\/logo-1.png\",\"width\":152,\"height\":89,\"caption\":\"Senac S\u00e3o Paulo\"},\"image\":{\"@id\":\"https:\/\/www1.sp.senac.br\/sites\/posgraduacao\/#\/schema\/logo\/image\/\"}}]}<\/script>\r\n<!-- \/ Yoast SEO plugin. -->","yoast_head_json":{"title":"Gest\u00e3o Ambiental - P\u00f3s-gradua\u00e7\u00e3o","robots":{"index":"noindex","follow":"follow"},"og_locale":"pt_BR","og_type":"article","og_title":"Gest\u00e3o Ambiental - P\u00f3s-gradua\u00e7\u00e3o","og_url":"https:\/\/www1.sp.senac.br\/sites\/posgraduacao\/project\/gestao-ambiental\/","og_site_name":"P\u00f3s-gradua\u00e7\u00e3o","article_modified_time":"2020-11-10T21:16:21+00:00","og_image":[{"width":798,"height":640,"url":"https:\/\/www1.sp.senac.br\/sites\/posgraduacao\/wp-content\/uploads\/2020\/11\/capa-hotsite-1-e1605200150710.png","type":"image\/png"}],"twitter_card":"summary_large_image","schema":{"@context":"https:\/\/schema.org","@graph":[{"@type":"WebPage","@id":"https:\/\/www1.sp.senac.br\/sites\/posgraduacao\/project\/gestao-ambiental\/","url":"https:\/\/www1.sp.senac.br\/sites\/posgraduacao\/project\/gestao-ambiental\/","name":"Gest\u00e3o Ambiental - P\u00f3s-gradua\u00e7\u00e3o","isPartOf":{"@id":"https:\/\/www1.sp.senac.br\/sites\/posgraduacao\/#website"},"datePublished":"2019-10-07T14:30:14+00:00","dateModified":"2020-11-10T21:16:21+00:00","breadcrumb":{"@id":"https:\/\/www1.sp.senac.br\/sites\/posgraduacao\/project\/gestao-ambiental\/#breadcrumb"},"inLanguage":"pt-BR","potentialAction":[{"@type":"ReadAction","target":["https:\/\/www1.sp.senac.br\/sites\/posgraduacao\/project\/gestao-ambiental\/"]}]},{"@type":"BreadcrumbList","@id":"https:\/\/www1.sp.senac.br\/sites\/posgraduacao\/project\/gestao-ambiental\/#breadcrumb","itemListElement":[{"@type":"ListItem","position":1,"name":"In\u00edcio","item":"https:\/\/www1.sp.senac.br\/sites\/posgraduacao\/"},{"@type":"ListItem","position":2,"name":"Projetos","item":"https:\/\/www1.sp.senac.br\/sites\/posgraduacao\/project\/"},{"@type":"ListItem","position":3,"name":"Gest\u00e3o Ambiental"}]},{"@type":"WebSite","@id":"https:\/\/www1.sp.senac.br\/sites\/posgraduacao\/#website","url":"https:\/\/www1.sp.senac.br\/sites\/posgraduacao\/","name":"P\u00f3s-gradua\u00e7\u00e3o","description":"Centro Universit\u00e1rio Senac","publisher":{"@id":"https:\/\/www1.sp.senac.br\/sites\/posgraduacao\/#organization"},"potentialAction":[{"@type":"SearchAction","target":{"@type":"EntryPoint","urlTemplate":"https:\/\/www1.sp.senac.br\/sites\/posgraduacao\/?s={search_term_string}"},"query-input":"required name=search_term_string"}],"inLanguage":"pt-BR"},{"@type":"Organization","@id":"https:\/\/www1.sp.senac.br\/sites\/posgraduacao\/#organization","name":"Senac S\u00e3o Paulo","url":"https:\/\/www1.sp.senac.br\/sites\/posgraduacao\/","logo":{"@type":"ImageObject","inLanguage":"pt-BR","@id":"https:\/\/www1.sp.senac.br\/sites\/posgraduacao\/#\/schema\/logo\/image\/","url":"https:\/\/www1.sp.senac.br\/sites\/posgraduacao\/wp-content\/uploads\/2020\/10\/logo-1.png","contentUrl":"https:\/\/www1.sp.senac.br\/sites\/posgraduacao\/wp-content\/uploads\/2020\/10\/logo-1.png","width":152,"height":89,"caption":"Senac S\u00e3o Paulo"},"image":{"@id":"https:\/\/www1.sp.senac.br\/sites\/posgraduacao\/#\/schema\/logo\/image\/"}}]}},"_links":{"self":[{"href":"https:\/\/www1.sp.senac.br\/sites\/posgraduacao\/wp-json\/wp\/v2\/project\/1265"}],"collection":[{"href":"https:\/\/www1.sp.senac.br\/sites\/posgraduacao\/wp-json\/wp\/v2\/project"}],"about":[{"href":"https:\/\/www1.sp.senac.br\/sites\/posgraduacao\/wp-json\/wp\/v2\/types\/project"}],"author":[{"embeddable":true,"href":"https:\/\/www1.sp.senac.br\/sites\/posgraduacao\/wp-json\/wp\/v2\/users\/1"}],"replies":[{"embeddable":true,"href":"https:\/\/www1.sp.senac.br\/sites\/posgraduacao\/wp-json\/wp\/v2\/comments?post=1265"}],"version-history":[{"count":3,"href":"https:\/\/www1.sp.senac.br\/sites\/posgraduacao\/wp-json\/wp\/v2\/project\/1265\/revisions"}],"predecessor-version":[{"id":2968,"href":"https:\/\/www1.sp.senac.br\/sites\/posgraduacao\/wp-json\/wp\/v2\/project\/1265\/revisions\/2968"}],"wp:attachment":[{"href":"https:\/\/www1.sp.senac.br\/sites\/posgraduacao\/wp-json\/wp\/v2\/media?parent=1265"}],"wp:term":[{"taxonomy":"project_category","embeddable":true,"href":"https:\/\/www1.sp.senac.br\/sites\/posgraduacao\/wp-json\/wp\/v2\/project_category?post=1265"},{"taxonomy":"project_tag","embeddable":true,"href":"https:\/\/www1.sp.senac.br\/sites\/posgraduacao\/wp-json\/wp\/v2\/project_tag?post=1265"}],"curies":[{"name":"wp","href":"https:\/\/api.w.org\/{rel}","templated":true}]}}